{"id":22,"date":"2020-06-08T12:46:35","date_gmt":"2020-06-08T12:46:35","guid":{"rendered":"https:\/\/agyl.at\/?page_id=22"},"modified":"2024-05-17T06:30:31","modified_gmt":"2024-05-17T06:30:31","slug":"ueber-uns","status":"publish","type":"page","link":"https:\/\/agyl.at\/?page_id=22","title":{"rendered":"Vorstand"},"content":{"rendered":"\n<div class=\"wp-block-media-text alignwide is-stacked-on-mobile is-vertically-aligned-top\" style=\"grid-template-columns:24% auto\"><figure class=\"wp-block-media-text__media\"><img loading=\"lazy\" decoding=\"async\" width=\"418\" height=\"600\" src=\"https:\/\/agyl.at\/wp-content\/uploads\/2020\/07\/agyl_13572260948620.jpg\" alt=\"\" class=\"wp-image-178 size-full\" srcset=\"https:\/\/agyl.at\/wp-content\/uploads\/2020\/07\/agyl_13572260948620.jpg 418w, https:\/\/agyl.at\/wp-content\/uploads\/2020\/07\/agyl_13572260948620-209x300.jpg 209w\" sizes=\"auto, (max-width: 418px) 100vw, 418px\" \/><\/figure><div class=\"wp-block-media-text__content\">\n<p><strong>Elisabeth Schasching<\/strong><br>Obfrau, Pressereferentin<br><br>&#8222;Ein soziales Miteinander zu leben, es zu f\u00f6rdern und hinauszutragen, das ist f\u00fcr mich der Anspruch an dieses Projekt. Wertsch\u00e4tzung und Solidarit\u00e4t unter Generationen ist mir ein Anliegen.<br>Mein Leitsatz: Wir sitzen alle in einem Boot &#8211; wir d\u00fcrfen miteinander leben, k\u00f6nnen voneinander lernen und sollen f\u00fcreinander da sein.&#8220;<br><br>0680 \/ 12 93 540<br>schasching.elisabeth@gmx.at<\/p>\n<\/div><\/div>\n\n\n\n<div class=\"wp-block-media-text alignwide is-stacked-on-mobile is-vertically-aligned-top\" style=\"grid-template-columns:24% auto\"><figure class=\"wp-block-media-text__media\"><img loading=\"lazy\" decoding=\"async\" width=\"505\" height=\"600\" src=\"https:\/\/agyl.at\/wp-content\/uploads\/2020\/07\/agyl_12494065844137-2.jpg\" alt=\"\" class=\"wp-image-101 size-full\" srcset=\"https:\/\/agyl.at\/wp-content\/uploads\/2020\/07\/agyl_12494065844137-2.jpg 505w, https:\/\/agyl.at\/wp-content\/uploads\/2020\/07\/agyl_12494065844137-2-253x300.jpg 253w\" sizes=\"auto, (max-width: 505px) 100vw, 505px\" \/><\/figure><div class=\"wp-block-media-text__content\">\n<p><strong>Mag. Siglinde Wilhelm<\/strong><br>Obfrau Stv., Finanzreferent Stv.<br><br>&#8222;Nicht was ein Mensch sagt, sondern was er jeden Tag tut, erz\u00e4hlt uns, was ihm wirklich wichtig ist.&#8220;<\/p>\n<\/div><\/div>\n\n\n\n<p><\/p>\n\n\n\n<div class=\"wp-block-media-text alignwide is-stacked-on-mobile is-vertically-aligned-top\" style=\"grid-template-columns:24% auto\"><figure class=\"wp-block-media-text__media\"><img loading=\"lazy\" decoding=\"async\" width=\"469\" height=\"600\" src=\"https:\/\/agyl.at\/wp-content\/uploads\/2020\/07\/agyl_12494065809764.jpg\" alt=\"\" class=\"wp-image-108 size-full\" srcset=\"https:\/\/agyl.at\/wp-content\/uploads\/2020\/07\/agyl_12494065809764.jpg 469w, https:\/\/agyl.at\/wp-content\/uploads\/2020\/07\/agyl_12494065809764-235x300.jpg 235w\" sizes=\"auto, (max-width: 469px) 100vw, 469px\" \/><\/figure><div class=\"wp-block-media-text__content\">\n<p><strong>Hannelore Wiesbauer<\/strong><br>Obfrau Stv., Wohnkoordinatorin<\/p>\n\n\n\n<p>&#8222;Nur gemeinsam erreichen wir unsere Ziele! Einer allein kann nicht sehr viel erreichen, aber gemeinsam k\u00f6nnen wir sehr viel ver\u00e4ndern!&#8220;<\/p>\n\n\n\n<p>0664 \/ 23 47 220<br>haus_des_lebens_ybbsitz@gmx.at<\/p>\n\n\n\n<p class=\"has-large-font-size\"><br><\/p>\n<\/div><\/div>\n\n\n\n<div class=\"wp-block-media-text alignwide is-stacked-on-mobile is-vertically-aligned-top\" style=\"grid-template-columns:23% auto\"><figure class=\"wp-block-media-text__media\"><img loading=\"lazy\" decoding=\"async\" width=\"768\" height=\"1024\" src=\"https:\/\/agyl.at\/wp-content\/uploads\/2020\/07\/agyl_1573482902-768x1024.jpg\" alt=\"\" class=\"wp-image-111 size-full\" srcset=\"https:\/\/agyl.at\/wp-content\/uploads\/2020\/07\/agyl_1573482902-768x1024.jpg 768w, https:\/\/agyl.at\/wp-content\/uploads\/2020\/07\/agyl_1573482902-225x300.jpg 225w, https:\/\/agyl.at\/wp-content\/uploads\/2020\/07\/agyl_1573482902.jpg 966w\" sizes=\"auto, (max-width: 767px) 89vw, (max-width: 1000px) 54vw, (max-width: 1071px) 543px, 580px\" \/><\/figure><div class=\"wp-block-media-text__content\">\n<p><strong>Gabriele Zaerin-Holubovsky<\/strong><br>Obfrau Stv., Schriftf\u00fchrerin Stv.<\/p>\n\n\n\n<p>&#8222;Menschen werden in unserer Gesellschaft allzu h\u00e4ufig nur \u00fcber ihre Stellung oder Produktivit\u00e4t definiert. Das AGYL-Konzept versteht das Leben als nat\u00fcrlichen Austausch zwischen den Generationen, durch den alle Beteilligten Wertsch\u00e4tzung und Unterst\u00fctzung erfahren.&#8220;<\/p>\n<\/div><\/div>\n\n\n\n<div class=\"wp-block-media-text alignwide is-stacked-on-mobile\" style=\"grid-template-columns:23% auto\"><figure class=\"wp-block-media-text__media\"><img loading=\"lazy\" decoding=\"async\" width=\"683\" height=\"1024\" src=\"https:\/\/agyl.at\/wp-content\/uploads\/2020\/07\/DSC_4729_Wenigwieser-Neuteufel-Martina_Chor-Ybbsitz_Spar-Sammelalbum-Ybbsitz-\u00a9-Sandra-Zahnt-683x1024.jpg\" alt=\"\" class=\"wp-image-112 size-full\" srcset=\"https:\/\/agyl.at\/wp-content\/uploads\/2020\/07\/DSC_4729_Wenigwieser-Neuteufel-Martina_Chor-Ybbsitz_Spar-Sammelalbum-Ybbsitz-\u00a9-Sandra-Zahnt-683x1024.jpg 683w, https:\/\/agyl.at\/wp-content\/uploads\/2020\/07\/DSC_4729_Wenigwieser-Neuteufel-Martina_Chor-Ybbsitz_Spar-Sammelalbum-Ybbsitz-\u00a9-Sandra-Zahnt-200x300.jpg 200w, https:\/\/agyl.at\/wp-content\/uploads\/2020\/07\/DSC_4729_Wenigwieser-Neuteufel-Martina_Chor-Ybbsitz_Spar-Sammelalbum-Ybbsitz-\u00a9-Sandra-Zahnt-768x1152.jpg 768w, https:\/\/agyl.at\/wp-content\/uploads\/2020\/07\/DSC_4729_Wenigwieser-Neuteufel-Martina_Chor-Ybbsitz_Spar-Sammelalbum-Ybbsitz-\u00a9-Sandra-Zahnt-1024x1536.jpg 1024w, https:\/\/agyl.at\/wp-content\/uploads\/2020\/07\/DSC_4729_Wenigwieser-Neuteufel-Martina_Chor-Ybbsitz_Spar-Sammelalbum-Ybbsitz-\u00a9-Sandra-Zahnt-1365x2048.jpg 1365w, https:\/\/agyl.at\/wp-content\/uploads\/2020\/07\/DSC_4729_Wenigwieser-Neuteufel-Martina_Chor-Ybbsitz_Spar-Sammelalbum-Ybbsitz-\u00a9-Sandra-Zahnt-scaled.jpg 1707w\" sizes=\"auto, (max-width: 683px) 100vw, 683px\" \/><\/figure><div class=\"wp-block-media-text__content\">\n<p><strong>Martina Neuteufel<\/strong><br>Schriftf\u00fchrerin, Pressereferentin <\/p>\n\n\n\n<p>&#8222;Mir gef\u00e4llt die Idee, das Miteinander zwischen den Generationen zu f\u00f6rdern.&#8220;<\/p>\n<\/div><\/div>\n\n\n\n<div class=\"wp-block-media-text alignwide is-stacked-on-mobile\" style=\"grid-template-columns:23% auto\"><figure class=\"wp-block-media-text__media\"><img loading=\"lazy\" decoding=\"async\" width=\"503\" height=\"600\" src=\"https:\/\/agyl.at\/wp-content\/uploads\/2020\/07\/agyl_12494065409187.jpg\" alt=\"\" class=\"wp-image-119 size-full\" srcset=\"https:\/\/agyl.at\/wp-content\/uploads\/2020\/07\/agyl_12494065409187.jpg 503w, https:\/\/agyl.at\/wp-content\/uploads\/2020\/07\/agyl_12494065409187-252x300.jpg 252w\" sizes=\"auto, (max-width: 503px) 100vw, 503px\" \/><\/figure><div class=\"wp-block-media-text__content\">\n<p><strong>Margarete Ursenbach<\/strong><br>Schriftf\u00fchrerin Stv., Pressereferentin Stv.<\/p>\n\n\n\n<p>&#8222;Da ich gern unter Menschen bin, stelle ich mich mit voller Begeisterung f\u00fcr den Verein und seine Projekte zur Verf\u00fcgung.&#8220;<\/p>\n<\/div><\/div>\n\n\n\n<div class=\"wp-block-media-text alignwide is-stacked-on-mobile\" style=\"grid-template-columns:23% auto\"><figure class=\"wp-block-media-text__media\"><img loading=\"lazy\" decoding=\"async\" width=\"768\" height=\"1024\" src=\"https:\/\/agyl.at\/wp-content\/uploads\/2020\/07\/agyl_1573482917-768x1024.jpg\" alt=\"\" class=\"wp-image-114 size-full\" srcset=\"https:\/\/agyl.at\/wp-content\/uploads\/2020\/07\/agyl_1573482917-768x1024.jpg 768w, https:\/\/agyl.at\/wp-content\/uploads\/2020\/07\/agyl_1573482917-225x300.jpg 225w, https:\/\/agyl.at\/wp-content\/uploads\/2020\/07\/agyl_1573482917-1152x1536.jpg 1152w, https:\/\/agyl.at\/wp-content\/uploads\/2020\/07\/agyl_1573482917.jpg 1200w\" sizes=\"auto, (max-width: 767px) 89vw, (max-width: 1000px) 54vw, (max-width: 1071px) 543px, 580px\" \/><\/figure><div class=\"wp-block-media-text__content\">\n<p><strong>Hans Mittendorfer<\/strong><br>Finanzreferent<\/p>\n\n\n\n<p>&#8222;Ein Plauscherl mit einer \u00e4lteren Person finde ich sehr bereichernd!&#8220;<\/p>\n<\/div><\/div>\n\n\n\n<div class=\"wp-block-media-text alignwide is-stacked-on-mobile\" style=\"grid-template-columns:23% auto\"><figure class=\"wp-block-media-text__media\"><img loading=\"lazy\" decoding=\"async\" width=\"640\" height=\"640\" src=\"https:\/\/agyl.at\/wp-content\/uploads\/2020\/07\/agyl_1573482909.jpg\" alt=\"\" class=\"wp-image-115 size-full\" srcset=\"https:\/\/agyl.at\/wp-content\/uploads\/2020\/07\/agyl_1573482909.jpg 640w, https:\/\/agyl.at\/wp-content\/uploads\/2020\/07\/agyl_1573482909-300x300.jpg 300w, https:\/\/agyl.at\/wp-content\/uploads\/2020\/07\/agyl_1573482909-150x150.jpg 150w, https:\/\/agyl.at\/wp-content\/uploads\/2020\/07\/agyl_1573482909-100x100.jpg 100w\" sizes=\"auto, (max-width: 640px) 100vw, 640px\" \/><\/figure><div class=\"wp-block-media-text__content\">\n<p><strong>Gertraud Jungwirth<\/strong><br>Kassapr\u00fcferin<\/p>\n\n\n\n<p>&#8222;Es n\u00fctzt nichts, nur ein guter Mensch zu sein, wenn man nichts tut.&#8220;<\/p>\n<\/div><\/div>\n\n\n\n<div class=\"wp-block-media-text alignwide is-stacked-on-mobile is-vertically-aligned-top\" style=\"grid-template-columns:24% auto\"><figure class=\"wp-block-media-text__media\"><img loading=\"lazy\" decoding=\"async\" width=\"487\" height=\"600\" src=\"https:\/\/agyl.at\/wp-content\/uploads\/2020\/07\/agyl_12493169584770.jpg\" alt=\"\" class=\"wp-image-109 size-full\" srcset=\"https:\/\/agyl.at\/wp-content\/uploads\/2020\/07\/agyl_12493169584770.jpg 487w, https:\/\/agyl.at\/wp-content\/uploads\/2020\/07\/agyl_12493169584770-244x300.jpg 244w\" sizes=\"auto, (max-width: 487px) 100vw, 487px\" \/><\/figure><div class=\"wp-block-media-text__content\">\n<p><strong>Eva Lindner<\/strong><br>Kassapr\u00fcferin Stv.<\/p>\n\n\n\n<p>&#8222;Mir liegen alte Menschen ganz einfach am Herzen und ich m\u00f6chte, dass sie m\u00f6glichst lange zu Hause bleiben k\u00f6nnen.&#8220;<\/p>\n\n\n\n<p>0650 \/ 34 03 864<br>haus_des_lebens_ybbsitz@gmx.at<\/p>\n<\/div><\/div>\n\n\n\n<div class=\"wp-block-media-text alignwide is-stacked-on-mobile\" style=\"grid-template-columns:23% auto\"><figure class=\"wp-block-media-text__media\"><img loading=\"lazy\" decoding=\"async\" width=\"731\" height=\"1024\" src=\"https:\/\/agyl.at\/wp-content\/uploads\/2020\/07\/agyl_1573554277.jpg\" alt=\"\" class=\"wp-image-126 size-full\" srcset=\"https:\/\/agyl.at\/wp-content\/uploads\/2020\/07\/agyl_1573554277.jpg 731w, https:\/\/agyl.at\/wp-content\/uploads\/2020\/07\/agyl_1573554277-214x300.jpg 214w\" sizes=\"auto, (max-width: 731px) 100vw, 731px\" \/><\/figure><div class=\"wp-block-media-text__content\">\n<p><strong>Gertraud Lueger<\/strong><br>Kassapr\u00fcferin Stv.<\/p>\n\n\n\n<p>&#8222;Ein Miteinander zwischen Jung und Alt zu erm\u00f6glichen und zu leben, und einen respektvollen r\u00fccksichtsvollen Umgang beiderseits zu praktizieren, ist mir pers\u00f6nlich wichtig.&#8220;<\/p>\n<\/div><\/div>\n\n\n\n<div class=\"wp-block-media-text alignwide is-stacked-on-mobile\" style=\"grid-template-columns:24% auto\"><figure class=\"wp-block-media-text__media\"><img loading=\"lazy\" decoding=\"async\" width=\"546\" height=\"647\" src=\"https:\/\/agyl.at\/wp-content\/uploads\/2020\/07\/agyl_1573482891-3.jpg\" alt=\"\" class=\"wp-image-104 size-full\" srcset=\"https:\/\/agyl.at\/wp-content\/uploads\/2020\/07\/agyl_1573482891-3.jpg 546w, https:\/\/agyl.at\/wp-content\/uploads\/2020\/07\/agyl_1573482891-3-253x300.jpg 253w\" sizes=\"auto, (max-width: 546px) 100vw, 546px\" \/><\/figure><div class=\"wp-block-media-text__content\">\n<p><strong>Beatrix Riess<\/strong><br>Beir\u00e4tin<br><\/p>\n\n\n\n<p>&#8222;Es ist meine \u00dcberzeugung, dass jeder, der Zeit und Arbeit in das Gemeinwohl investiert, daraus Kraft, Erf\u00fcllung und inneren Frieden sch\u00f6pfen wird. Es lohnt sich!&#8220;<br><\/p>\n<\/div><\/div>\n\n\n\n<div class=\"wp-block-media-text alignwide is-stacked-on-mobile\" style=\"grid-template-columns:23% auto\"><figure class=\"wp-block-media-text__media\"><img loading=\"lazy\" decoding=\"async\" width=\"451\" height=\"600\" src=\"https:\/\/agyl.at\/wp-content\/uploads\/2020\/07\/agyl_12494102853330.jpg\" alt=\"\" class=\"wp-image-120 size-full\" srcset=\"https:\/\/agyl.at\/wp-content\/uploads\/2020\/07\/agyl_12494102853330.jpg 451w, https:\/\/agyl.at\/wp-content\/uploads\/2020\/07\/agyl_12494102853330-226x300.jpg 226w\" sizes=\"auto, (max-width: 451px) 100vw, 451px\" \/><\/figure><div class=\"wp-block-media-text__content\">\n<p><strong>Josefa Loibl<\/strong><br>Beir\u00e4tin<br><\/p>\n\n\n\n<p>&#8222;Wir k\u00f6nnen \u00fcber vieles reden, wirklich wertvoll wird <em>es erst durch das Tun. AGYL gibt die Gelegenheit dazu, Gutes zu tun.<\/em>&#8222;<\/p>\n\n\n\n<p><\/p>\n<\/div><\/div>\n\n\n\n<div class=\"wp-block-media-text alignwide is-stacked-on-mobile\" style=\"grid-template-columns:23% auto\"><figure class=\"wp-block-media-text__media\"><img loading=\"lazy\" decoding=\"async\" width=\"683\" height=\"852\" src=\"https:\/\/agyl.at\/wp-content\/uploads\/2020\/07\/agyl_1573483616.jpg\" alt=\"\" class=\"wp-image-116 size-full\" srcset=\"https:\/\/agyl.at\/wp-content\/uploads\/2020\/07\/agyl_1573483616.jpg 683w, https:\/\/agyl.at\/wp-content\/uploads\/2020\/07\/agyl_1573483616-240x300.jpg 240w\" sizes=\"auto, (max-width: 683px) 100vw, 683px\" \/><\/figure><div class=\"wp-block-media-text__content\">\n<p><strong>Mitzi K\u00f6ssl<\/strong><br>Beir\u00e4tin<br><\/p>\n\n\n\n<p>&#8222;Es ist wichtiger, etwas im Kleinen zu tun, als im Gro\u00dfen dar\u00fcber zu reden.&#8220;<\/p>\n<\/div><\/div>\n\n\n\n<div class=\"wp-block-media-text alignwide is-stacked-on-mobile\" style=\"grid-template-columns:23% auto\"><figure class=\"wp-block-media-text__media\"><img loading=\"lazy\" decoding=\"async\" width=\"461\" height=\"600\" src=\"https:\/\/agyl.at\/wp-content\/uploads\/2020\/07\/agyl_12493260893370.jpg\" alt=\"\" class=\"wp-image-117 size-full\" srcset=\"https:\/\/agyl.at\/wp-content\/uploads\/2020\/07\/agyl_12493260893370.jpg 461w, https:\/\/agyl.at\/wp-content\/uploads\/2020\/07\/agyl_12493260893370-231x300.jpg 231w\" sizes=\"auto, (max-width: 461px) 100vw, 461px\" \/><\/figure><div class=\"wp-block-media-text__content\">\n<p><strong>Walter K\u00f6ssl<\/strong><br>Beirat<\/p>\n\n\n\n<p>&#8222;<em>Dem Leben das Alter geben<\/em> &#8211; Dieser Gedanke hat mich sehr angesprochen.&#8220;<\/p>\n<\/div><\/div>\n\n\n\n<div class=\"wp-block-media-text alignwide is-stacked-on-mobile\" style=\"grid-template-columns:23% auto\"><figure class=\"wp-block-media-text__media\"><img loading=\"lazy\" decoding=\"async\" width=\"768\" height=\"1024\" src=\"https:\/\/agyl.at\/wp-content\/uploads\/2020\/07\/agyl_1573483464-768x1024.jpg\" alt=\"\" class=\"wp-image-123 size-full\" srcset=\"https:\/\/agyl.at\/wp-content\/uploads\/2020\/07\/agyl_1573483464-768x1024.jpg 768w, https:\/\/agyl.at\/wp-content\/uploads\/2020\/07\/agyl_1573483464-225x300.jpg 225w, https:\/\/agyl.at\/wp-content\/uploads\/2020\/07\/agyl_1573483464-1152x1536.jpg 1152w, https:\/\/agyl.at\/wp-content\/uploads\/2020\/07\/agyl_1573483464.jpg 1200w\" sizes=\"auto, (max-width: 767px) 89vw, (max-width: 1000px) 54vw, (max-width: 1071px) 543px, 580px\" \/><\/figure><div class=\"wp-block-media-text__content\">\n<p><strong>Leopoldine Mittendorfer<\/strong> <br>Beir\u00e4tin<\/p>\n\n\n\n<p>&#8222;Mir ist ein achtsamer Umgang mit den Menschen und mit der Natur wichtig.&#8220;<\/p>\n<\/div><\/div>\n\n\n\n<div class=\"wp-block-media-text alignwide is-stacked-on-mobile\" style=\"grid-template-columns:23% auto\"><figure class=\"wp-block-media-text__media\"><img loading=\"lazy\" decoding=\"async\" width=\"411\" height=\"600\" src=\"https:\/\/agyl.at\/wp-content\/uploads\/2020\/07\/agyl_12494065443861.jpg\" alt=\"\" class=\"wp-image-125 size-full\" srcset=\"https:\/\/agyl.at\/wp-content\/uploads\/2020\/07\/agyl_12494065443861.jpg 411w, https:\/\/agyl.at\/wp-content\/uploads\/2020\/07\/agyl_12494065443861-206x300.jpg 206w\" sizes=\"auto, (max-width: 411px) 100vw, 411px\" \/><\/figure><div class=\"wp-block-media-text__content\">\n<p><strong>Peter Ursenbach<\/strong><br>Beirat<\/p>\n\n\n\n<p>&#8222;Wir k\u00f6nnen uns viel \u00fcberlegen, viel anbieten, aber lebendig wird alles erst durch Menschen, die mitmachen. Machen SIE mit!&#8220;<\/p>\n<\/div><\/div>\n\n\n\n<p><\/p>\n","protected":false},"excerpt":{"rendered":"<p>Elisabeth SchaschingObfrau, Pressereferentin &#8222;Ein soziales Miteinander zu leben, es zu f\u00f6rdern und hinauszutragen, das ist f\u00fcr mich der Anspruch an dieses Projekt. Wertsch\u00e4tzung und Solidarit\u00e4t unter Generationen ist mir ein Anliegen.Mein Leitsatz: Wir sitzen alle in einem Boot &#8211; wir d\u00fcrfen miteinander leben, k\u00f6nnen voneinander lernen und sollen f\u00fcreinander da sein.&#8220; 0680 \/ 12 93 &hellip; <\/p>\n<p class=\"link-more\"><a href=\"https:\/\/agyl.at\/?page_id=22\" class=\"more-link\"><span class=\"screen-reader-text\">\u201eVorstand\u201c<\/span> weiterlesen<\/a><\/p>\n","protected":false},"author":1,"featured_media":0,"parent":0,"menu_order":0,"comment_status":"closed","ping_status":"closed","template":"","meta":{"footnotes":""},"class_list":["post-22","page","type-page","status-publish","hentry"],"yoast_head":"<!-- This site is optimized with the Yoast SEO plugin v24.7 - https:\/\/yoast.com\/wordpress\/plugins\/seo\/ -->\n<title>Vorstand - AGYL<\/title>\n<meta name=\"robots\" content=\"index, follow, max-snippet:-1, max-image-preview:large, max-video-preview:-1\" \/>\n<link rel=\"canonical\" href=\"https:\/\/agyl.at\/?page_id=22\" \/>\n<meta property=\"og:locale\" content=\"de_DE\" \/>\n<meta property=\"og:type\" content=\"article\" \/>\n<meta property=\"og:title\" content=\"Vorstand - AGYL\" \/>\n<meta property=\"og:description\" content=\"Elisabeth SchaschingObfrau, Pressereferentin &#8222;Ein soziales Miteinander zu leben, es zu f\u00f6rdern und hinauszutragen, das ist f\u00fcr mich der Anspruch an dieses Projekt. Wertsch\u00e4tzung und Solidarit\u00e4t unter Generationen ist mir ein Anliegen.Mein Leitsatz: Wir sitzen alle in einem Boot &#8211; wir d\u00fcrfen miteinander leben, k\u00f6nnen voneinander lernen und sollen f\u00fcreinander da sein.&#8220; 0680 \/ 12 93 &hellip; \u201eVorstand\u201c weiterlesen\" \/>\n<meta property=\"og:url\" content=\"https:\/\/agyl.at\/?page_id=22\" \/>\n<meta property=\"og:site_name\" content=\"AGYL\" \/>\n<meta property=\"article:modified_time\" content=\"2024-05-17T06:30:31+00:00\" \/>\n<meta property=\"og:image\" content=\"https:\/\/agyl.at\/wp-content\/uploads\/2020\/07\/agyl_13572260948620.jpg\" \/>\n<meta name=\"twitter:card\" content=\"summary_large_image\" \/>\n<meta name=\"twitter:label1\" content=\"Gesch\u00e4tzte Lesezeit\" \/>\n\t<meta name=\"twitter:data1\" content=\"6\u00a0Minuten\" \/>\n<script type=\"application\/ld+json\" class=\"yoast-schema-graph\">{\"@context\":\"https:\/\/schema.org\",\"@graph\":[{\"@type\":\"WebPage\",\"@id\":\"https:\/\/agyl.at\/?page_id=22\",\"url\":\"https:\/\/agyl.at\/?page_id=22\",\"name\":\"Vorstand - AGYL\",\"isPartOf\":{\"@id\":\"https:\/\/agyl.at\/#website\"},\"primaryImageOfPage\":{\"@id\":\"https:\/\/agyl.at\/?page_id=22#primaryimage\"},\"image\":{\"@id\":\"https:\/\/agyl.at\/?page_id=22#primaryimage\"},\"thumbnailUrl\":\"https:\/\/agyl.at\/wp-content\/uploads\/2020\/07\/agyl_13572260948620.jpg\",\"datePublished\":\"2020-06-08T12:46:35+00:00\",\"dateModified\":\"2024-05-17T06:30:31+00:00\",\"breadcrumb\":{\"@id\":\"https:\/\/agyl.at\/?page_id=22#breadcrumb\"},\"inLanguage\":\"de\",\"potentialAction\":[{\"@type\":\"ReadAction\",\"target\":[\"https:\/\/agyl.at\/?page_id=22\"]}]},{\"@type\":\"ImageObject\",\"inLanguage\":\"de\",\"@id\":\"https:\/\/agyl.at\/?page_id=22#primaryimage\",\"url\":\"https:\/\/agyl.at\/wp-content\/uploads\/2020\/07\/agyl_13572260948620.jpg\",\"contentUrl\":\"https:\/\/agyl.at\/wp-content\/uploads\/2020\/07\/agyl_13572260948620.jpg\",\"width\":418,\"height\":600},{\"@type\":\"BreadcrumbList\",\"@id\":\"https:\/\/agyl.at\/?page_id=22#breadcrumb\",\"itemListElement\":[{\"@type\":\"ListItem\",\"position\":1,\"name\":\"Home\",\"item\":\"https:\/\/agyl.at\/\"},{\"@type\":\"ListItem\",\"position\":2,\"name\":\"Vorstand\"}]},{\"@type\":\"WebSite\",\"@id\":\"https:\/\/agyl.at\/#website\",\"url\":\"https:\/\/agyl.at\/\",\"name\":\"AGYL\",\"description\":\"Alle gemeinsam in Ybbsitz leben\",\"publisher\":{\"@id\":\"https:\/\/agyl.at\/#organization\"},\"potentialAction\":[{\"@type\":\"SearchAction\",\"target\":{\"@type\":\"EntryPoint\",\"urlTemplate\":\"https:\/\/agyl.at\/?s={search_term_string}\"},\"query-input\":{\"@type\":\"PropertyValueSpecification\",\"valueRequired\":true,\"valueName\":\"search_term_string\"}}],\"inLanguage\":\"de\"},{\"@type\":\"Organization\",\"@id\":\"https:\/\/agyl.at\/#organization\",\"name\":\"AGYL\",\"url\":\"https:\/\/agyl.at\/\",\"logo\":{\"@type\":\"ImageObject\",\"inLanguage\":\"de\",\"@id\":\"https:\/\/agyl.at\/#\/schema\/logo\/image\/\",\"url\":\"https:\/\/agyl.at\/wp-content\/uploads\/2020\/06\/cropped-10984222_1643337669231659_1680447969444551925_n-1.jpg\",\"contentUrl\":\"https:\/\/agyl.at\/wp-content\/uploads\/2020\/06\/cropped-10984222_1643337669231659_1680447969444551925_n-1.jpg\",\"width\":250,\"height\":250,\"caption\":\"AGYL \"},\"image\":{\"@id\":\"https:\/\/agyl.at\/#\/schema\/logo\/image\/\"}}]}<\/script>\n<!-- \/ Yoast SEO plugin. -->","yoast_head_json":{"title":"Vorstand - AGYL","robots":{"index":"index","follow":"follow","max-snippet":"max-snippet:-1","max-image-preview":"max-image-preview:large","max-video-preview":"max-video-preview:-1"},"canonical":"https:\/\/agyl.at\/?page_id=22","og_locale":"de_DE","og_type":"article","og_title":"Vorstand - AGYL","og_description":"Elisabeth SchaschingObfrau, Pressereferentin &#8222;Ein soziales Miteinander zu leben, es zu f\u00f6rdern und hinauszutragen, das ist f\u00fcr mich der Anspruch an dieses Projekt. Wertsch\u00e4tzung und Solidarit\u00e4t unter Generationen ist mir ein Anliegen.Mein Leitsatz: Wir sitzen alle in einem Boot &#8211; wir d\u00fcrfen miteinander leben, k\u00f6nnen voneinander lernen und sollen f\u00fcreinander da sein.&#8220; 0680 \/ 12 93 &hellip; \u201eVorstand\u201c weiterlesen","og_url":"https:\/\/agyl.at\/?page_id=22","og_site_name":"AGYL","article_modified_time":"2024-05-17T06:30:31+00:00","og_image":[{"url":"https:\/\/agyl.at\/wp-content\/uploads\/2020\/07\/agyl_13572260948620.jpg","type":"","width":"","height":""}],"twitter_card":"summary_large_image","twitter_misc":{"Gesch\u00e4tzte Lesezeit":"6\u00a0Minuten"},"schema":{"@context":"https:\/\/schema.org","@graph":[{"@type":"WebPage","@id":"https:\/\/agyl.at\/?page_id=22","url":"https:\/\/agyl.at\/?page_id=22","name":"Vorstand - AGYL","isPartOf":{"@id":"https:\/\/agyl.at\/#website"},"primaryImageOfPage":{"@id":"https:\/\/agyl.at\/?page_id=22#primaryimage"},"image":{"@id":"https:\/\/agyl.at\/?page_id=22#primaryimage"},"thumbnailUrl":"https:\/\/agyl.at\/wp-content\/uploads\/2020\/07\/agyl_13572260948620.jpg","datePublished":"2020-06-08T12:46:35+00:00","dateModified":"2024-05-17T06:30:31+00:00","breadcrumb":{"@id":"https:\/\/agyl.at\/?page_id=22#breadcrumb"},"inLanguage":"de","potentialAction":[{"@type":"ReadAction","target":["https:\/\/agyl.at\/?page_id=22"]}]},{"@type":"ImageObject","inLanguage":"de","@id":"https:\/\/agyl.at\/?page_id=22#primaryimage","url":"https:\/\/agyl.at\/wp-content\/uploads\/2020\/07\/agyl_13572260948620.jpg","contentUrl":"https:\/\/agyl.at\/wp-content\/uploads\/2020\/07\/agyl_13572260948620.jpg","width":418,"height":600},{"@type":"BreadcrumbList","@id":"https:\/\/agyl.at\/?page_id=22#breadcrumb","itemListElement":[{"@type":"ListItem","position":1,"name":"Home","item":"https:\/\/agyl.at\/"},{"@type":"ListItem","position":2,"name":"Vorstand"}]},{"@type":"WebSite","@id":"https:\/\/agyl.at\/#website","url":"https:\/\/agyl.at\/","name":"AGYL","description":"Alle gemeinsam in Ybbsitz leben","publisher":{"@id":"https:\/\/agyl.at\/#organization"},"potentialAction":[{"@type":"SearchAction","target":{"@type":"EntryPoint","urlTemplate":"https:\/\/agyl.at\/?s={search_term_string}"},"query-input":{"@type":"PropertyValueSpecification","valueRequired":true,"valueName":"search_term_string"}}],"inLanguage":"de"},{"@type":"Organization","@id":"https:\/\/agyl.at\/#organization","name":"AGYL","url":"https:\/\/agyl.at\/","logo":{"@type":"ImageObject","inLanguage":"de","@id":"https:\/\/agyl.at\/#\/schema\/logo\/image\/","url":"https:\/\/agyl.at\/wp-content\/uploads\/2020\/06\/cropped-10984222_1643337669231659_1680447969444551925_n-1.jpg","contentUrl":"https:\/\/agyl.at\/wp-content\/uploads\/2020\/06\/cropped-10984222_1643337669231659_1680447969444551925_n-1.jpg","width":250,"height":250,"caption":"AGYL "},"image":{"@id":"https:\/\/agyl.at\/#\/schema\/logo\/image\/"}}]}},"_links":{"self":[{"href":"https:\/\/agyl.at\/index.php?rest_route=\/wp\/v2\/pages\/22","targetHints":{"allow":["GET"]}}],"collection":[{"href":"https:\/\/agyl.at\/index.php?rest_route=\/wp\/v2\/pages"}],"about":[{"href":"https:\/\/agyl.at\/index.php?rest_route=\/wp\/v2\/types\/page"}],"author":[{"embeddable":true,"href":"https:\/\/agyl.at\/index.php?rest_route=\/wp\/v2\/users\/1"}],"replies":[{"embeddable":true,"href":"https:\/\/agyl.at\/index.php?rest_route=%2Fwp%2Fv2%2Fcomments&post=22"}],"version-history":[{"count":25,"href":"https:\/\/agyl.at\/index.php?rest_route=\/wp\/v2\/pages\/22\/revisions"}],"predecessor-version":[{"id":349,"href":"https:\/\/agyl.at\/index.php?rest_route=\/wp\/v2\/pages\/22\/revisions\/349"}],"wp:attachment":[{"href":"https:\/\/agyl.at\/index.php?rest_route=%2Fwp%2Fv2%2Fmedia&parent=22"}],"curies":[{"name":"wp","href":"https:\/\/api.w.org\/{rel}","templated":true}]}}